{"id":4497,"date":"2022-09-20T14:55:58","date_gmt":"2022-09-20T14:55:58","guid":{"rendered":"https:\/\/fietsenverhuurschiermonnikoog.com\/verleih\/standort-schierfiets\/sortiment-schierfiets\/"},"modified":"2023-03-16T17:37:26","modified_gmt":"2023-03-16T17:37:26","slug":"sortiment-schierfiets","status":"publish","type":"page","link":"https:\/\/fietsenverhuurschiermonnikoog.com\/de\/verleih\/standort-schierfiets\/sortiment-schierfiets\/","title":{"rendered":"Sortiment Schierfiets"},"content":{"rendered":"<p>[vc_row][vc_column]<div class=\"themetechmount-boxes themetechmount-boxes-portfolio themetechmount-boxes-view-default themetechmount-boxes-col-three themetechmount-boxes-sortable-yes themetechmount-boxes-textalign-center themetechmount-boxes-sortablebutton-square\">\r\n\t\t<div class=\"themetechmount-boxes-inner themetechmount-boxes-portfolio-inner \">\r\n\t\t\t<div class=\"tm-sortable-wrapper tm-sortable-wrapper-portfolio\"><nav class=\"tm-sortable-list\"><ul><li class=\"tm-sortable-link tm-sortable-all-link\"><a class=\"selected\" href=\"javascript:void(0);\" data-filter=\"*\"> Alles <\/a><\/li><li class=\"tm-sortable-link\"><a href=\"javascript:void(0);\" data-filter=\".herrenfahrrader\">Herrenfahrr\u00e4der<\/a><\/li><li class=\"tm-sortable-link\"><a href=\"javascript:void(0);\" data-filter=\".damenfahrrader\">Damenfahrr\u00e4der<\/a><\/li><li class=\"tm-sortable-link\"><a href=\"javascript:void(0);\" data-filter=\".elektrofahrrader\">Elektrofahrr\u00e4der<\/a><\/li><li class=\"tm-sortable-link\"><a href=\"javascript:void(0);\" data-filter=\".lastenraeder-de\">Lastenr\u00e4der<\/a><\/li><li class=\"tm-sortable-link\"><a href=\"javascript:void(0);\" data-filter=\".kinderfahrrader\">Kinderfahrr\u00e4der<\/a><\/li><li class=\"tm-sortable-link\"><a href=\"javascript:void(0);\" data-filter=\".zubehoer-de\">Zubeh\u00f6r<\/a><\/li><li class=\"tm-sortable-link\"><a href=\"javascript:void(0);\" data-filter=\".karren-de\">Karren<\/a><\/li><li class=\"tm-sortable-link\"><a href=\"javascript:void(0);\" data-filter=\".tandems\">Tandems<\/a><\/li><li class=\"tm-sortable-link\"><a href=\"javascript:void(0);\" data-filter=\".mountainbikes-de\">Mountainbikes<\/a><\/li><li class=\"tm-sortable-link\"><a href=\"javascript:void(0);\" data-filter=\".behindertenfahrrader\">Behindertenfahrr\u00e4der<\/a><\/li><li class=\"tm-sortable-link\"><a href=\"javascript:void(0);\" data-filter=\".specials-de\">Specials<\/a><\/li><\/ul><\/nav><\/div>\r\n\t\t\t<div class=\"row multi-columns-row themetechmount-boxes-row-wrapper\">\r\n\t\t\t\t<div class=\"tm-box-col-wrapper col-lg-4 col-sm-6 col-md-4 col-xs-12 herrenfahrrader\"><article class=\"themetechmount-box themetechmount-box-portfolio themetechmount-box-view-top-image themetechmount-portfolio-box-view-top-image \">\r\n\t<div class=\"themetechmount-post-item\">\t\r\n\t\t<div class=\"themetechmount-post-item-inner\">\r\n\t\t\t<div class=\"tm-featured-wrapper tm-tm_portfolio-featured-wrapper\"><a href=\"https:\/\/fietsenverhuurschiermonnikoog.com\/de\/portfolio\/herrenfahrrad-mit-ruecktrittbremse\/\"><img loading=\"lazy\" decoding=\"async\" width=\"800\" height=\"600\" src=\"https:\/\/fietsenverhuurschiermonnikoog.com\/wp-content\/uploads\/2018\/11\/Holidayheren-800x600.jpg\" class=\"attachment-themetechmount-img-portfolio size-themetechmount-img-portfolio wp-post-image\" alt=\"\" data-id=\"4126\" \/><\/a><\/div>\t\t\t<div class=\"themetechmount-box-content themetechmount-overlay\">\r\n\t\t\t\t<div class=\"themetechmount-box-content-inner\">\r\n\t\t\t\t\t<div class=\"themetechmount-icon-box themetechmount-media-link\"><a class=\"tm_prettyphoto\" title=\"Herrenfahrrad mit R\u00fccktrittbremse\" href=\"https:\/\/fietsenverhuurschiermonnikoog.com\/wp-content\/uploads\/2018\/11\/Holidayheren.jpg\"><i class=\"tm-brivona-icon-search\"><\/i><\/a><\/div>\t\r\n\t\t\t\t<\/div>\t\t\t\r\n\t\t\t<\/div>\r\n\t\t<\/div>\r\n\t\t\r\n\t\t<div class=\"themetechmount-box-bottom-content\">\r\n\t\t\t<div class=\"themetechmount-box-title\"><h4>Herrenfahrrad mit R\u00fccktrittbremse<\/h4><\/div>            <div class=\"themetechmount-box-category\"><p>Solides Fahrrad mit R\u00fccktrittbremse<\/p>\n<\/div>\r\n\t\t<\/div>\r\n\t<\/div>\r\n<\/article><\/div><div class=\"tm-box-col-wrapper col-lg-4 col-sm-6 col-md-4 col-xs-12 damenfahrrader\"><article class=\"themetechmount-box themetechmount-box-portfolio themetechmount-box-view-top-image themetechmount-portfolio-box-view-top-image \">\r\n\t<div class=\"themetechmount-post-item\">\t\r\n\t\t<div class=\"themetechmount-post-item-inner\">\r\n\t\t\t<div class=\"tm-featured-wrapper tm-tm_portfolio-featured-wrapper\"><a href=\"https:\/\/fietsenverhuurschiermonnikoog.com\/de\/portfolio\/damenfahrrad-mit-ruecktrittbremse\/\"><img loading=\"lazy\" decoding=\"async\" width=\"800\" height=\"600\" src=\"https:\/\/fietsenverhuurschiermonnikoog.com\/wp-content\/uploads\/2022\/09\/Holidaydames-800x600.jpg\" class=\"attachment-themetechmount-img-portfolio size-themetechmount-img-portfolio wp-post-image\" alt=\"\" data-id=\"4128\" \/><\/a><\/div>\t\t\t<div class=\"themetechmount-box-content themetechmount-overlay\">\r\n\t\t\t\t<div class=\"themetechmount-box-content-inner\">\r\n\t\t\t\t\t<div class=\"themetechmount-icon-box themetechmount-media-link\"><a class=\"tm_prettyphoto\" title=\"Damenfahrrad mit R\u00fccktrittbremse\" href=\"https:\/\/fietsenverhuurschiermonnikoog.com\/wp-content\/uploads\/2022\/09\/Holidaydames.jpg\"><i class=\"tm-brivona-icon-search\"><\/i><\/a><\/div>\t\r\n\t\t\t\t<\/div>\t\t\t\r\n\t\t\t<\/div>\r\n\t\t<\/div>\r\n\t\t\r\n\t\t<div class=\"themetechmount-box-bottom-content\">\r\n\t\t\t<div class=\"themetechmount-box-title\"><h4>Damenfahrrad mit R\u00fccktrittbremse<\/h4><\/div>            <div class=\"themetechmount-box-category\"><p>Solides Fahrrad mit R\u00fccktrittbremse<\/p>\n<\/div>\r\n\t\t<\/div>\r\n\t<\/div>\r\n<\/article><\/div><div class=\"tm-box-col-wrapper col-lg-4 col-sm-6 col-md-4 col-xs-12 damenfahrrader elektrofahrrader herrenfahrrader\"><article class=\"themetechmount-box themetechmount-box-portfolio themetechmount-box-view-top-image themetechmount-portfolio-box-view-top-image \">\r\n\t<div class=\"themetechmount-post-item\">\t\r\n\t\t<div class=\"themetechmount-post-item-inner\">\r\n\t\t\t<div class=\"tm-featured-wrapper tm-tm_portfolio-featured-wrapper\"><a href=\"https:\/\/fietsenverhuurschiermonnikoog.com\/de\/portfolio\/elektrofahrrad\/\"><img loading=\"lazy\" decoding=\"async\" width=\"800\" height=\"516\" src=\"https:\/\/fietsenverhuurschiermonnikoog.com\/wp-content\/uploads\/2022\/09\/elektrisch.jpg\" class=\"attachment-themetechmount-img-portfolio size-themetechmount-img-portfolio wp-post-image\" alt=\"\" srcset=\"https:\/\/fietsenverhuurschiermonnikoog.com\/wp-content\/uploads\/2022\/09\/elektrisch.jpg 800w, https:\/\/fietsenverhuurschiermonnikoog.com\/wp-content\/uploads\/2022\/09\/elektrisch-300x194.jpg 300w, https:\/\/fietsenverhuurschiermonnikoog.com\/wp-content\/uploads\/2022\/09\/elektrisch-768x495.jpg 768w\" sizes=\"auto, (max-width: 800px) 100vw, 800px\" data-id=\"4130\" \/><\/a><\/div>\t\t\t<div class=\"themetechmount-box-content themetechmount-overlay\">\r\n\t\t\t\t<div class=\"themetechmount-box-content-inner\">\r\n\t\t\t\t\t<div class=\"themetechmount-icon-box themetechmount-media-link\"><a class=\"tm_prettyphoto\" title=\"Elektrofahrrad\" href=\"https:\/\/fietsenverhuurschiermonnikoog.com\/wp-content\/uploads\/2022\/09\/elektrisch.jpg\"><i class=\"tm-brivona-icon-search\"><\/i><\/a><\/div>\t\r\n\t\t\t\t<\/div>\t\t\t\r\n\t\t\t<\/div>\r\n\t\t<\/div>\r\n\t\t\r\n\t\t<div class=\"themetechmount-box-bottom-content\">\r\n\t\t\t<div class=\"themetechmount-box-title\"><h4>Elektrofahrrad<\/h4><\/div>            <div class=\"themetechmount-box-category\"><p>Erh\u00e4ltlich in den Gr\u00f6\u00dfen S, M und L<\/p>\n<\/div>\r\n\t\t<\/div>\r\n\t<\/div>\r\n<\/article><\/div><div class=\"tm-box-col-wrapper col-lg-4 col-sm-6 col-md-4 col-xs-12 damenfahrrader\"><article class=\"themetechmount-box themetechmount-box-portfolio themetechmount-box-view-top-image themetechmount-portfolio-box-view-top-image \">\r\n\t<div class=\"themetechmount-post-item\">\t\r\n\t\t<div class=\"themetechmount-post-item-inner\">\r\n\t\t\t<div class=\"tm-featured-wrapper tm-tm_portfolio-featured-wrapper\"><a href=\"https:\/\/fietsenverhuurschiermonnikoog.com\/de\/portfolio\/mutterfahrrad\/\"><img loading=\"lazy\" decoding=\"async\" width=\"800\" height=\"576\" src=\"https:\/\/fietsenverhuurschiermonnikoog.com\/wp-content\/uploads\/2022\/09\/moeder-800x576.png\" class=\"attachment-themetechmount-img-portfolio size-themetechmount-img-portfolio wp-post-image\" alt=\"\" data-id=\"4132\" \/><\/a><\/div>\t\t\t<div class=\"themetechmount-box-content themetechmount-overlay\">\r\n\t\t\t\t<div class=\"themetechmount-box-content-inner\">\r\n\t\t\t\t\t<div class=\"themetechmount-icon-box themetechmount-media-link\"><a class=\"tm_prettyphoto\" title=\"Mutterfahrrad\" href=\"https:\/\/fietsenverhuurschiermonnikoog.com\/wp-content\/uploads\/2022\/09\/moeder.png\"><i class=\"tm-brivona-icon-search\"><\/i><\/a><\/div>\t\r\n\t\t\t\t<\/div>\t\t\t\r\n\t\t\t<\/div>\r\n\t\t<\/div>\r\n\t\t\r\n\t\t<div class=\"themetechmount-box-bottom-content\">\r\n\t\t\t<div class=\"themetechmount-box-title\"><h4>Mutterfahrrad<\/h4><\/div>            <div class=\"themetechmount-box-category\"><p>Ausgestattet mit Sitzen und Windschutzscheibe<\/p>\n<\/div>\r\n\t\t<\/div>\r\n\t<\/div>\r\n<\/article><\/div><div class=\"tm-box-col-wrapper col-lg-4 col-sm-6 col-md-4 col-xs-12 herrenfahrrader\"><article class=\"themetechmount-box themetechmount-box-portfolio themetechmount-box-view-top-image themetechmount-portfolio-box-view-top-image \">\r\n\t<div class=\"themetechmount-post-item\">\t\r\n\t\t<div class=\"themetechmount-post-item-inner\">\r\n\t\t\t<div class=\"tm-featured-wrapper tm-tm_portfolio-featured-wrapper\"><a href=\"https:\/\/fietsenverhuurschiermonnikoog.com\/de\/portfolio\/herrenfahrrad-luxus-mit-7-gaengen\/\"><img loading=\"lazy\" decoding=\"async\" width=\"800\" height=\"576\" src=\"https:\/\/fietsenverhuurschiermonnikoog.com\/wp-content\/uploads\/2022\/09\/hluxe-1-800x576.png\" class=\"attachment-themetechmount-img-portfolio size-themetechmount-img-portfolio wp-post-image\" alt=\"\" data-id=\"4134\" \/><\/a><\/div>\t\t\t<div class=\"themetechmount-box-content themetechmount-overlay\">\r\n\t\t\t\t<div class=\"themetechmount-box-content-inner\">\r\n\t\t\t\t\t<div class=\"themetechmount-icon-box themetechmount-media-link\"><a class=\"tm_prettyphoto\" title=\"Herrenfahrrad Luxus mit 7 G\u00e4ngen\" href=\"https:\/\/fietsenverhuurschiermonnikoog.com\/wp-content\/uploads\/2022\/09\/hluxe-1.png\"><i class=\"tm-brivona-icon-search\"><\/i><\/a><\/div>\t\r\n\t\t\t\t<\/div>\t\t\t\r\n\t\t\t<\/div>\r\n\t\t<\/div>\r\n\t\t\r\n\t\t<div class=\"themetechmount-box-bottom-content\">\r\n\t\t\t<div class=\"themetechmount-box-title\"><h4>Herrenfahrrad Luxus mit 7 G\u00e4ngen<\/h4><\/div>            <div class=\"themetechmount-box-category\"><p>Erh\u00e4ltlich in den Gr\u00f6\u00dfen M und L<\/p>\n<\/div>\r\n\t\t<\/div>\r\n\t<\/div>\r\n<\/article><\/div><div class=\"tm-box-col-wrapper col-lg-4 col-sm-6 col-md-4 col-xs-12 damenfahrrader\"><article class=\"themetechmount-box themetechmount-box-portfolio themetechmount-box-view-top-image themetechmount-portfolio-box-view-top-image \">\r\n\t<div class=\"themetechmount-post-item\">\t\r\n\t\t<div class=\"themetechmount-post-item-inner\">\r\n\t\t\t<div class=\"tm-featured-wrapper tm-tm_portfolio-featured-wrapper\"><a href=\"https:\/\/fietsenverhuurschiermonnikoog.com\/de\/portfolio\/damenfahrrad-luxus-mit-7-gaengen\/\"><img loading=\"lazy\" decoding=\"async\" width=\"800\" height=\"576\" src=\"https:\/\/fietsenverhuurschiermonnikoog.com\/wp-content\/uploads\/2022\/09\/dluxe-1-800x576.png\" class=\"attachment-themetechmount-img-portfolio size-themetechmount-img-portfolio wp-post-image\" alt=\"\" data-id=\"4136\" \/><\/a><\/div>\t\t\t<div class=\"themetechmount-box-content themetechmount-overlay\">\r\n\t\t\t\t<div class=\"themetechmount-box-content-inner\">\r\n\t\t\t\t\t<div class=\"themetechmount-icon-box themetechmount-media-link\"><a class=\"tm_prettyphoto\" title=\"Damenfahrrad Luxus mit 7 G\u00e4ngen\" href=\"https:\/\/fietsenverhuurschiermonnikoog.com\/wp-content\/uploads\/2022\/09\/dluxe-1.png\"><i class=\"tm-brivona-icon-search\"><\/i><\/a><\/div>\t\r\n\t\t\t\t<\/div>\t\t\t\r\n\t\t\t<\/div>\r\n\t\t<\/div>\r\n\t\t\r\n\t\t<div class=\"themetechmount-box-bottom-content\">\r\n\t\t\t<div class=\"themetechmount-box-title\"><h4>Damenfahrrad Luxus mit 7 G\u00e4ngen<\/h4><\/div>            <div class=\"themetechmount-box-category\"><p>Erh\u00e4ltlich in den Gr\u00f6\u00dfen S, M und L<\/p>\n<\/div>\r\n\t\t<\/div>\r\n\t<\/div>\r\n<\/article><\/div><div class=\"tm-box-col-wrapper col-lg-4 col-sm-6 col-md-4 col-xs-12 damenfahrrader\"><article class=\"themetechmount-box themetechmount-box-portfolio themetechmount-box-view-top-image themetechmount-portfolio-box-view-top-image \">\r\n\t<div class=\"themetechmount-post-item\">\t\r\n\t\t<div class=\"themetechmount-post-item-inner\">\r\n\t\t\t<div class=\"tm-featured-wrapper tm-tm_portfolio-featured-wrapper\"><a href=\"https:\/\/fietsenverhuurschiermonnikoog.com\/de\/portfolio\/transportrad-damen\/\"><img loading=\"lazy\" decoding=\"async\" width=\"800\" height=\"576\" src=\"https:\/\/fietsenverhuurschiermonnikoog.com\/wp-content\/uploads\/2022\/09\/transportd-800x576.png\" class=\"attachment-themetechmount-img-portfolio size-themetechmount-img-portfolio wp-post-image\" alt=\"\" data-id=\"4138\" \/><\/a><\/div>\t\t\t<div class=\"themetechmount-box-content themetechmount-overlay\">\r\n\t\t\t\t<div class=\"themetechmount-box-content-inner\">\r\n\t\t\t\t\t<div class=\"themetechmount-icon-box themetechmount-media-link\"><a class=\"tm_prettyphoto\" title=\"Transportrad Damen\" href=\"https:\/\/fietsenverhuurschiermonnikoog.com\/wp-content\/uploads\/2022\/09\/transportd.png\"><i class=\"tm-brivona-icon-search\"><\/i><\/a><\/div>\t\r\n\t\t\t\t<\/div>\t\t\t\r\n\t\t\t<\/div>\r\n\t\t<\/div>\r\n\t\t\r\n\t\t<div class=\"themetechmount-box-bottom-content\">\r\n\t\t\t<div class=\"themetechmount-box-title\"><h4>Transportrad Damen<\/h4><\/div>            <div class=\"themetechmount-box-category\"><p>Ausgestattet mit einer Kiste an der Vorderseite<\/p>\n<\/div>\r\n\t\t<\/div>\r\n\t<\/div>\r\n<\/article><\/div><div class=\"tm-box-col-wrapper col-lg-4 col-sm-6 col-md-4 col-xs-12 lastenraeder-de\"><article class=\"themetechmount-box themetechmount-box-portfolio themetechmount-box-view-top-image themetechmount-portfolio-box-view-top-image \">\r\n\t<div class=\"themetechmount-post-item\">\t\r\n\t\t<div class=\"themetechmount-post-item-inner\">\r\n\t\t\t<div class=\"tm-featured-wrapper tm-tm_portfolio-featured-wrapper\"><a href=\"https:\/\/fietsenverhuurschiermonnikoog.com\/de\/portfolio\/lastenrad-hund\/\"><img loading=\"lazy\" decoding=\"async\" width=\"800\" height=\"576\" src=\"https:\/\/fietsenverhuurschiermonnikoog.com\/wp-content\/uploads\/2022\/09\/bakh-800x576.png\" class=\"attachment-themetechmount-img-portfolio size-themetechmount-img-portfolio wp-post-image\" alt=\"\" data-id=\"4140\" \/><\/a><\/div>\t\t\t<div class=\"themetechmount-box-content themetechmount-overlay\">\r\n\t\t\t\t<div class=\"themetechmount-box-content-inner\">\r\n\t\t\t\t\t<div class=\"themetechmount-icon-box themetechmount-media-link\"><a class=\"tm_prettyphoto\" title=\"Lastenrad Hund\" href=\"https:\/\/fietsenverhuurschiermonnikoog.com\/wp-content\/uploads\/2022\/09\/bakh.png\"><i class=\"tm-brivona-icon-search\"><\/i><\/a><\/div>\t\r\n\t\t\t\t<\/div>\t\t\t\r\n\t\t\t<\/div>\r\n\t\t<\/div>\r\n\t\t\r\n\t\t<div class=\"themetechmount-box-bottom-content\">\r\n\t\t\t<div class=\"themetechmount-box-title\"><h4>Lastenrad Hund<\/h4><\/div>            <div class=\"themetechmount-box-category\"><p>Lastenrad f\u00fcr Ihren Hund<\/p>\n<\/div>\r\n\t\t<\/div>\r\n\t<\/div>\r\n<\/article><\/div><div class=\"tm-box-col-wrapper col-lg-4 col-sm-6 col-md-4 col-xs-12 herrenfahrrader\"><article class=\"themetechmount-box themetechmount-box-portfolio themetechmount-box-view-top-image themetechmount-portfolio-box-view-top-image \">\r\n\t<div class=\"themetechmount-post-item\">\t\r\n\t\t<div class=\"themetechmount-post-item-inner\">\r\n\t\t\t<div class=\"tm-featured-wrapper tm-tm_portfolio-featured-wrapper\"><a href=\"https:\/\/fietsenverhuurschiermonnikoog.com\/de\/portfolio\/herrenfahrrad-mit-gangschaltung\/\"><img loading=\"lazy\" decoding=\"async\" width=\"800\" height=\"576\" src=\"https:\/\/fietsenverhuurschiermonnikoog.com\/wp-content\/uploads\/2022\/09\/hv-800x576.png\" class=\"attachment-themetechmount-img-portfolio size-themetechmount-img-portfolio wp-post-image\" alt=\"\" data-id=\"4142\" \/><\/a><\/div>\t\t\t<div class=\"themetechmount-box-content themetechmount-overlay\">\r\n\t\t\t\t<div class=\"themetechmount-box-content-inner\">\r\n\t\t\t\t\t<div class=\"themetechmount-icon-box themetechmount-media-link\"><a class=\"tm_prettyphoto\" title=\"Herrenfahrrad mit Gangschaltung\" href=\"https:\/\/fietsenverhuurschiermonnikoog.com\/wp-content\/uploads\/2022\/09\/hv.png\"><i class=\"tm-brivona-icon-search\"><\/i><\/a><\/div>\t\r\n\t\t\t\t<\/div>\t\t\t\r\n\t\t\t<\/div>\r\n\t\t<\/div>\r\n\t\t\r\n\t\t<div class=\"themetechmount-box-bottom-content\">\r\n\t\t\t<div class=\"themetechmount-box-title\"><h4>Herrenfahrrad mit Gangschaltung<\/h4><\/div>            <div class=\"themetechmount-box-category\"><p>Nur in Gr\u00f6\u00dfe M erh\u00e4ltlich<\/p>\n<\/div>\r\n\t\t<\/div>\r\n\t<\/div>\r\n<\/article><\/div><div class=\"tm-box-col-wrapper col-lg-4 col-sm-6 col-md-4 col-xs-12 kinderfahrrader\"><article class=\"themetechmount-box themetechmount-box-portfolio themetechmount-box-view-top-image themetechmount-portfolio-box-view-top-image \">\r\n\t<div class=\"themetechmount-post-item\">\t\r\n\t\t<div class=\"themetechmount-post-item-inner\">\r\n\t\t\t<div class=\"tm-featured-wrapper tm-tm_portfolio-featured-wrapper\"><a href=\"https:\/\/fietsenverhuurschiermonnikoog.com\/de\/portfolio\/kinderfahrrad-maedchen\/\"><img loading=\"lazy\" decoding=\"async\" width=\"800\" height=\"576\" src=\"https:\/\/fietsenverhuurschiermonnikoog.com\/wp-content\/uploads\/2022\/09\/kmeisje-800x576.png\" class=\"attachment-themetechmount-img-portfolio size-themetechmount-img-portfolio wp-post-image\" alt=\"\" data-id=\"4144\" \/><\/a><\/div>\t\t\t<div class=\"themetechmount-box-content themetechmount-overlay\">\r\n\t\t\t\t<div class=\"themetechmount-box-content-inner\">\r\n\t\t\t\t\t<div class=\"themetechmount-icon-box themetechmount-media-link\"><a class=\"tm_prettyphoto\" title=\"Kinderfahrrad M\u00e4dchen\" href=\"https:\/\/fietsenverhuurschiermonnikoog.com\/wp-content\/uploads\/2022\/09\/kmeisje.png\"><i class=\"tm-brivona-icon-search\"><\/i><\/a><\/div>\t\r\n\t\t\t\t<\/div>\t\t\t\r\n\t\t\t<\/div>\r\n\t\t<\/div>\r\n\t\t\r\n\t\t<div class=\"themetechmount-box-bottom-content\">\r\n\t\t\t<div class=\"themetechmount-box-title\"><h4>Kinderfahrrad M\u00e4dchen<\/h4><\/div>            <div class=\"themetechmount-box-category\"><p>Kinderfahrr\u00e4der mit oder ohne Zahnr\u00e4der von 16 Zoll bis 26 Zoll erh\u00e4ltlich<\/p>\n<\/div>\r\n\t\t<\/div>\r\n\t<\/div>\r\n<\/article><\/div><div class=\"tm-box-col-wrapper col-lg-4 col-sm-6 col-md-4 col-xs-12 kinderfahrrader\"><article class=\"themetechmount-box themetechmount-box-portfolio themetechmount-box-view-top-image themetechmount-portfolio-box-view-top-image \">\r\n\t<div class=\"themetechmount-post-item\">\t\r\n\t\t<div class=\"themetechmount-post-item-inner\">\r\n\t\t\t<div class=\"tm-featured-wrapper tm-tm_portfolio-featured-wrapper\"><a href=\"https:\/\/fietsenverhuurschiermonnikoog.com\/de\/portfolio\/kinderfahrrad-junge\/\"><img loading=\"lazy\" decoding=\"async\" width=\"800\" height=\"576\" src=\"https:\/\/fietsenverhuurschiermonnikoog.com\/wp-content\/uploads\/2022\/09\/kjongen-1-800x576.png\" class=\"attachment-themetechmount-img-portfolio size-themetechmount-img-portfolio wp-post-image\" alt=\"\" data-id=\"4146\" \/><\/a><\/div>\t\t\t<div class=\"themetechmount-box-content themetechmount-overlay\">\r\n\t\t\t\t<div class=\"themetechmount-box-content-inner\">\r\n\t\t\t\t\t<div class=\"themetechmount-icon-box themetechmount-media-link\"><a class=\"tm_prettyphoto\" title=\"Kinderfahrrad Junge\" href=\"https:\/\/fietsenverhuurschiermonnikoog.com\/wp-content\/uploads\/2022\/09\/kjongen-1.png\"><i class=\"tm-brivona-icon-search\"><\/i><\/a><\/div>\t\r\n\t\t\t\t<\/div>\t\t\t\r\n\t\t\t<\/div>\r\n\t\t<\/div>\r\n\t\t\r\n\t\t<div class=\"themetechmount-box-bottom-content\">\r\n\t\t\t<div class=\"themetechmount-box-title\"><h4>Kinderfahrrad Junge<\/h4><\/div>            <div class=\"themetechmount-box-category\"><p>Kinderfahrr\u00e4der mit oder ohne Zahnr\u00e4der erh\u00e4ltlich von 12,5 Zoll bis 26 Zoll<\/p>\n<\/div>\r\n\t\t<\/div>\r\n\t<\/div>\r\n<\/article><\/div><div class=\"tm-box-col-wrapper col-lg-4 col-sm-6 col-md-4 col-xs-12 lastenraeder-de\"><article class=\"themetechmount-box themetechmount-box-portfolio themetechmount-box-view-top-image themetechmount-portfolio-box-view-top-image \">\r\n\t<div class=\"themetechmount-post-item\">\t\r\n\t\t<div class=\"themetechmount-post-item-inner\">\r\n\t\t\t<div class=\"tm-featured-wrapper tm-tm_portfolio-featured-wrapper\"><a href=\"https:\/\/fietsenverhuurschiermonnikoog.com\/de\/portfolio\/lastenrad-cabby\/\"><img loading=\"lazy\" decoding=\"async\" width=\"800\" height=\"576\" src=\"https:\/\/fietsenverhuurschiermonnikoog.com\/wp-content\/uploads\/2022\/09\/cabby-800x576.png\" class=\"attachment-themetechmount-img-portfolio size-themetechmount-img-portfolio wp-post-image\" alt=\"\" data-id=\"4148\" \/><\/a><\/div>\t\t\t<div class=\"themetechmount-box-content themetechmount-overlay\">\r\n\t\t\t\t<div class=\"themetechmount-box-content-inner\">\r\n\t\t\t\t\t<div class=\"themetechmount-icon-box themetechmount-media-link\"><a class=\"tm_prettyphoto\" title=\"Lastenrad Cabby\" href=\"https:\/\/fietsenverhuurschiermonnikoog.com\/wp-content\/uploads\/2022\/09\/cabby.png\"><i class=\"tm-brivona-icon-search\"><\/i><\/a><\/div>\t\r\n\t\t\t\t<\/div>\t\t\t\r\n\t\t\t<\/div>\r\n\t\t<\/div>\r\n\t\t\r\n\t\t<div class=\"themetechmount-box-bottom-content\">\r\n\t\t\t<div class=\"themetechmount-box-title\"><h4>Lastenrad Cabby<\/h4><\/div>            <div class=\"themetechmount-box-category\"><p>Der Gazelle Cabby hat Unterst\u00fctzungen f\u00fcr einen Maxi-Cosi (Maxi-Cosi nicht inbegriffen), m\u00f6glicherweise zur Miete mit Regenschutz<\/p>\n<\/div>\r\n\t\t<\/div>\r\n\t<\/div>\r\n<\/article><\/div><div class=\"tm-box-col-wrapper col-lg-4 col-sm-6 col-md-4 col-xs-12 zubehoer-de\"><article class=\"themetechmount-box themetechmount-box-portfolio themetechmount-box-view-top-image themetechmount-portfolio-box-view-top-image \">\r\n\t<div class=\"themetechmount-post-item\">\t\r\n\t\t<div class=\"themetechmount-post-item-inner\">\r\n\t\t\t<div class=\"tm-featured-wrapper tm-tm_portfolio-featured-wrapper\"><a href=\"https:\/\/fietsenverhuurschiermonnikoog.com\/de\/portfolio\/ruecksitz\/\"><img loading=\"lazy\" decoding=\"async\" width=\"800\" height=\"576\" src=\"https:\/\/fietsenverhuurschiermonnikoog.com\/wp-content\/uploads\/2022\/09\/za-800x576.png\" class=\"attachment-themetechmount-img-portfolio size-themetechmount-img-portfolio wp-post-image\" alt=\"\" data-id=\"4150\" \/><\/a><\/div>\t\t\t<div class=\"themetechmount-box-content themetechmount-overlay\">\r\n\t\t\t\t<div class=\"themetechmount-box-content-inner\">\r\n\t\t\t\t\t<div class=\"themetechmount-icon-box themetechmount-media-link\"><a class=\"tm_prettyphoto\" title=\"R\u00fccksitz\" href=\"https:\/\/fietsenverhuurschiermonnikoog.com\/wp-content\/uploads\/2022\/09\/za.png\"><i class=\"tm-brivona-icon-search\"><\/i><\/a><\/div>\t\r\n\t\t\t\t<\/div>\t\t\t\r\n\t\t\t<\/div>\r\n\t\t<\/div>\r\n\t\t\r\n\t\t<div class=\"themetechmount-box-bottom-content\">\r\n\t\t\t<div class=\"themetechmount-box-title\"><h4>R\u00fccksitz<\/h4><\/div>            <div class=\"themetechmount-box-category\"><p>Kindersitz hinten<\/p>\n<\/div>\r\n\t\t<\/div>\r\n\t<\/div>\r\n<\/article><\/div><div class=\"tm-box-col-wrapper col-lg-4 col-sm-6 col-md-4 col-xs-12 zubehoer-de\"><article class=\"themetechmount-box themetechmount-box-portfolio themetechmount-box-view-top-image themetechmount-portfolio-box-view-top-image \">\r\n\t<div class=\"themetechmount-post-item\">\t\r\n\t\t<div class=\"themetechmount-post-item-inner\">\r\n\t\t\t<div class=\"tm-featured-wrapper tm-tm_portfolio-featured-wrapper\"><a href=\"https:\/\/fietsenverhuurschiermonnikoog.com\/de\/portfolio\/fahrradtasche\/\"><img loading=\"lazy\" decoding=\"async\" width=\"800\" height=\"576\" src=\"https:\/\/fietsenverhuurschiermonnikoog.com\/wp-content\/uploads\/2022\/09\/tas-800x576.png\" class=\"attachment-themetechmount-img-portfolio size-themetechmount-img-portfolio wp-post-image\" alt=\"\" data-id=\"4152\" \/><\/a><\/div>\t\t\t<div class=\"themetechmount-box-content themetechmount-overlay\">\r\n\t\t\t\t<div class=\"themetechmount-box-content-inner\">\r\n\t\t\t\t\t<div class=\"themetechmount-icon-box themetechmount-media-link\"><a class=\"tm_prettyphoto\" title=\"Fahrradtasche\" href=\"https:\/\/fietsenverhuurschiermonnikoog.com\/wp-content\/uploads\/2022\/09\/tas.png\"><i class=\"tm-brivona-icon-search\"><\/i><\/a><\/div>\t\r\n\t\t\t\t<\/div>\t\t\t\r\n\t\t\t<\/div>\r\n\t\t<\/div>\r\n\t\t\r\n\t\t<div class=\"themetechmount-box-bottom-content\">\r\n\t\t\t<div class=\"themetechmount-box-title\"><h4>Fahrradtasche<\/h4><\/div>            <div class=\"themetechmount-box-category\"><p>Fahrradtasche<\/p>\n<\/div>\r\n\t\t<\/div>\r\n\t<\/div>\r\n<\/article><\/div><div class=\"tm-box-col-wrapper col-lg-4 col-sm-6 col-md-4 col-xs-12 zubehoer-de\"><article class=\"themetechmount-box themetechmount-box-portfolio themetechmount-box-view-top-image themetechmount-portfolio-box-view-top-image \">\r\n\t<div class=\"themetechmount-post-item\">\t\r\n\t\t<div class=\"themetechmount-post-item-inner\">\r\n\t\t\t<div class=\"tm-featured-wrapper tm-tm_portfolio-featured-wrapper\"><a href=\"https:\/\/fietsenverhuurschiermonnikoog.com\/de\/portfolio\/vordersitz\/\"><img loading=\"lazy\" decoding=\"async\" width=\"800\" height=\"576\" src=\"https:\/\/fietsenverhuurschiermonnikoog.com\/wp-content\/uploads\/2022\/09\/zv-800x576.png\" class=\"attachment-themetechmount-img-portfolio size-themetechmount-img-portfolio wp-post-image\" alt=\"\" data-id=\"4154\" \/><\/a><\/div>\t\t\t<div class=\"themetechmount-box-content themetechmount-overlay\">\r\n\t\t\t\t<div class=\"themetechmount-box-content-inner\">\r\n\t\t\t\t\t<div class=\"themetechmount-icon-box themetechmount-media-link\"><a class=\"tm_prettyphoto\" title=\"Vordersitz\" href=\"https:\/\/fietsenverhuurschiermonnikoog.com\/wp-content\/uploads\/2022\/09\/zv.png\"><i class=\"tm-brivona-icon-search\"><\/i><\/a><\/div>\t\r\n\t\t\t\t<\/div>\t\t\t\r\n\t\t\t<\/div>\r\n\t\t<\/div>\r\n\t\t\r\n\t\t<div class=\"themetechmount-box-bottom-content\">\r\n\t\t\t<div class=\"themetechmount-box-title\"><h4>Vordersitz<\/h4><\/div>            <div class=\"themetechmount-box-category\"><p>Kindersitz vorn<\/p>\n<\/div>\r\n\t\t<\/div>\r\n\t<\/div>\r\n<\/article><\/div><div class=\"tm-box-col-wrapper col-lg-4 col-sm-6 col-md-4 col-xs-12 zubehoer-de\"><article class=\"themetechmount-box themetechmount-box-portfolio themetechmount-box-view-top-image themetechmount-portfolio-box-view-top-image \">\r\n\t<div class=\"themetechmount-post-item\">\t\r\n\t\t<div class=\"themetechmount-post-item-inner\">\r\n\t\t\t<div class=\"tm-featured-wrapper tm-tm_portfolio-featured-wrapper\"><a href=\"https:\/\/fietsenverhuurschiermonnikoog.com\/de\/portfolio\/fahrradkorb-hinten\/\"><img loading=\"lazy\" decoding=\"async\" width=\"800\" height=\"576\" src=\"https:\/\/fietsenverhuurschiermonnikoog.com\/wp-content\/uploads\/2022\/09\/mandje-800x576.jpg\" class=\"attachment-themetechmount-img-portfolio size-themetechmount-img-portfolio wp-post-image\" alt=\"\" data-id=\"4156\" \/><\/a><\/div>\t\t\t<div class=\"themetechmount-box-content themetechmount-overlay\">\r\n\t\t\t\t<div class=\"themetechmount-box-content-inner\">\r\n\t\t\t\t\t<div class=\"themetechmount-icon-box themetechmount-media-link\"><a class=\"tm_prettyphoto\" title=\"Fahrradkorb hinten\" href=\"https:\/\/fietsenverhuurschiermonnikoog.com\/wp-content\/uploads\/2022\/09\/mandje.jpg\"><i class=\"tm-brivona-icon-search\"><\/i><\/a><\/div>\t\r\n\t\t\t\t<\/div>\t\t\t\r\n\t\t\t<\/div>\r\n\t\t<\/div>\r\n\t\t\r\n\t\t<div class=\"themetechmount-box-bottom-content\">\r\n\t\t\t<div class=\"themetechmount-box-title\"><h4>Fahrradkorb hinten<\/h4><\/div>            <div class=\"themetechmount-box-category\"><p>Fahrradkorb hinten<\/p>\n<\/div>\r\n\t\t<\/div>\r\n\t<\/div>\r\n<\/article><\/div><div class=\"tm-box-col-wrapper col-lg-4 col-sm-6 col-md-4 col-xs-12 zubehoer-de\"><article class=\"themetechmount-box themetechmount-box-portfolio themetechmount-box-view-top-image themetechmount-portfolio-box-view-top-image \">\r\n\t<div class=\"themetechmount-post-item\">\t\r\n\t\t<div class=\"themetechmount-post-item-inner\">\r\n\t\t\t<div class=\"tm-featured-wrapper tm-tm_portfolio-featured-wrapper\"><a href=\"https:\/\/fietsenverhuurschiermonnikoog.com\/de\/portfolio\/maxi-cosi\/\"><img loading=\"lazy\" decoding=\"async\" width=\"800\" height=\"576\" src=\"https:\/\/fietsenverhuurschiermonnikoog.com\/wp-content\/uploads\/2022\/09\/maxi-800x576.png\" class=\"attachment-themetechmount-img-portfolio size-themetechmount-img-portfolio wp-post-image\" alt=\"\" data-id=\"4158\" \/><\/a><\/div>\t\t\t<div class=\"themetechmount-box-content themetechmount-overlay\">\r\n\t\t\t\t<div class=\"themetechmount-box-content-inner\">\r\n\t\t\t\t\t<div class=\"themetechmount-icon-box themetechmount-media-link\"><a class=\"tm_prettyphoto\" title=\"Maxi-Cosi\" href=\"https:\/\/fietsenverhuurschiermonnikoog.com\/wp-content\/uploads\/2022\/09\/maxi.png\"><i class=\"tm-brivona-icon-search\"><\/i><\/a><\/div>\t\r\n\t\t\t\t<\/div>\t\t\t\r\n\t\t\t<\/div>\r\n\t\t<\/div>\r\n\t\t\r\n\t\t<div class=\"themetechmount-box-bottom-content\">\r\n\t\t\t<div class=\"themetechmount-box-title\"><h4>Maxi-Cosi<\/h4><\/div>            <div class=\"themetechmount-box-category\"><p>Maxi-Cosi<\/p>\n<\/div>\r\n\t\t<\/div>\r\n\t<\/div>\r\n<\/article><\/div><div class=\"tm-box-col-wrapper col-lg-4 col-sm-6 col-md-4 col-xs-12 zubehoer-de\"><article class=\"themetechmount-box themetechmount-box-portfolio themetechmount-box-view-top-image themetechmount-portfolio-box-view-top-image \">\r\n\t<div class=\"themetechmount-post-item\">\t\r\n\t\t<div class=\"themetechmount-post-item-inner\">\r\n\t\t\t<div class=\"tm-featured-wrapper tm-tm_portfolio-featured-wrapper\"><a href=\"https:\/\/fietsenverhuurschiermonnikoog.com\/de\/portfolio\/windschutzscheibe\/\"><img loading=\"lazy\" decoding=\"async\" width=\"800\" height=\"576\" src=\"https:\/\/fietsenverhuurschiermonnikoog.com\/wp-content\/uploads\/2022\/09\/wind-800x576.png\" class=\"attachment-themetechmount-img-portfolio size-themetechmount-img-portfolio wp-post-image\" alt=\"\" data-id=\"4160\" \/><\/a><\/div>\t\t\t<div class=\"themetechmount-box-content themetechmount-overlay\">\r\n\t\t\t\t<div class=\"themetechmount-box-content-inner\">\r\n\t\t\t\t\t<div class=\"themetechmount-icon-box themetechmount-media-link\"><a class=\"tm_prettyphoto\" title=\"Windschutzscheibe\" href=\"https:\/\/fietsenverhuurschiermonnikoog.com\/wp-content\/uploads\/2022\/09\/wind.png\"><i class=\"tm-brivona-icon-search\"><\/i><\/a><\/div>\t\r\n\t\t\t\t<\/div>\t\t\t\r\n\t\t\t<\/div>\r\n\t\t<\/div>\r\n\t\t\r\n\t\t<div class=\"themetechmount-box-bottom-content\">\r\n\t\t\t<div class=\"themetechmount-box-title\"><h4>Windschutzscheibe<\/h4><\/div>            <div class=\"themetechmount-box-category\"><p>Windschutzscheibe<\/p>\n<\/div>\r\n\t\t<\/div>\r\n\t<\/div>\r\n<\/article><\/div><div class=\"tm-box-col-wrapper col-lg-4 col-sm-6 col-md-4 col-xs-12 karren-de\"><article class=\"themetechmount-box themetechmount-box-portfolio themetechmount-box-view-top-image themetechmount-portfolio-box-view-top-image \">\r\n\t<div class=\"themetechmount-post-item\">\t\r\n\t\t<div class=\"themetechmount-post-item-inner\">\r\n\t\t\t<div class=\"tm-featured-wrapper tm-tm_portfolio-featured-wrapper\"><a href=\"https:\/\/fietsenverhuurschiermonnikoog.com\/de\/portfolio\/fahrradwagen\/\"><img loading=\"lazy\" decoding=\"async\" width=\"800\" height=\"576\" src=\"https:\/\/fietsenverhuurschiermonnikoog.com\/wp-content\/uploads\/2022\/09\/bagage-800x576.png\" class=\"attachment-themetechmount-img-portfolio size-themetechmount-img-portfolio wp-post-image\" alt=\"\" data-id=\"4162\" \/><\/a><\/div>\t\t\t<div class=\"themetechmount-box-content themetechmount-overlay\">\r\n\t\t\t\t<div class=\"themetechmount-box-content-inner\">\r\n\t\t\t\t\t<div class=\"themetechmount-icon-box themetechmount-media-link\"><a class=\"tm_prettyphoto\" title=\"Fahrradwagen\" href=\"https:\/\/fietsenverhuurschiermonnikoog.com\/wp-content\/uploads\/2022\/09\/bagage.png\"><i class=\"tm-brivona-icon-search\"><\/i><\/a><\/div>\t\r\n\t\t\t\t<\/div>\t\t\t\r\n\t\t\t<\/div>\r\n\t\t<\/div>\r\n\t\t\r\n\t\t<div class=\"themetechmount-box-bottom-content\">\r\n\t\t\t<div class=\"themetechmount-box-title\"><h4>Fahrradwagen<\/h4><\/div>            <div class=\"themetechmount-box-category\"><p>Kann nicht hinter dem Elektrofahrrad fahren<\/p>\n<\/div>\r\n\t\t<\/div>\r\n\t<\/div>\r\n<\/article><\/div><div class=\"tm-box-col-wrapper col-lg-4 col-sm-6 col-md-4 col-xs-12 tandems\"><article class=\"themetechmount-box themetechmount-box-portfolio themetechmount-box-view-top-image themetechmount-portfolio-box-view-top-image \">\r\n\t<div class=\"themetechmount-post-item\">\t\r\n\t\t<div class=\"themetechmount-post-item-inner\">\r\n\t\t\t<div class=\"tm-featured-wrapper tm-tm_portfolio-featured-wrapper\"><a href=\"https:\/\/fietsenverhuurschiermonnikoog.com\/de\/portfolio\/tandem\/\"><img loading=\"lazy\" decoding=\"async\" width=\"800\" height=\"576\" src=\"https:\/\/fietsenverhuurschiermonnikoog.com\/wp-content\/uploads\/2022\/09\/tandem-800x576.png\" class=\"attachment-themetechmount-img-portfolio size-themetechmount-img-portfolio wp-post-image\" alt=\"\" data-id=\"4164\" \/><\/a><\/div>\t\t\t<div class=\"themetechmount-box-content themetechmount-overlay\">\r\n\t\t\t\t<div class=\"themetechmount-box-content-inner\">\r\n\t\t\t\t\t<div class=\"themetechmount-icon-box themetechmount-media-link\"><a class=\"tm_prettyphoto\" title=\"Tandem\" href=\"https:\/\/fietsenverhuurschiermonnikoog.com\/wp-content\/uploads\/2022\/09\/tandem.png\"><i class=\"tm-brivona-icon-search\"><\/i><\/a><\/div>\t\r\n\t\t\t\t<\/div>\t\t\t\r\n\t\t\t<\/div>\r\n\t\t<\/div>\r\n\t\t\r\n\t\t<div class=\"themetechmount-box-bottom-content\">\r\n\t\t\t<div class=\"themetechmount-box-title\"><h4>Tandem<\/h4><\/div>            <div class=\"themetechmount-box-category\"><p>Um bequem im Tandem fahren zu k\u00f6nnen, empfehlen wir eine L\u00e4nge zwischen 160 und 185 cm<\/p>\n<\/div>\r\n\t\t<\/div>\r\n\t<\/div>\r\n<\/article><\/div><div class=\"tm-box-col-wrapper col-lg-4 col-sm-6 col-md-4 col-xs-12 karren-de\"><article class=\"themetechmount-box themetechmount-box-portfolio themetechmount-box-view-top-image themetechmount-portfolio-box-view-top-image \">\r\n\t<div class=\"themetechmount-post-item\">\t\r\n\t\t<div class=\"themetechmount-post-item-inner\">\r\n\t\t\t<div class=\"tm-featured-wrapper tm-tm_portfolio-featured-wrapper\"><a href=\"https:\/\/fietsenverhuurschiermonnikoog.com\/de\/portfolio\/bollerwagen\/\"><img loading=\"lazy\" decoding=\"async\" width=\"800\" height=\"576\" src=\"https:\/\/fietsenverhuurschiermonnikoog.com\/wp-content\/uploads\/2022\/09\/bolder-800x576.png\" class=\"attachment-themetechmount-img-portfolio size-themetechmount-img-portfolio wp-post-image\" alt=\"\" data-id=\"4166\" \/><\/a><\/div>\t\t\t<div class=\"themetechmount-box-content themetechmount-overlay\">\r\n\t\t\t\t<div class=\"themetechmount-box-content-inner\">\r\n\t\t\t\t\t<div class=\"themetechmount-icon-box themetechmount-media-link\"><a class=\"tm_prettyphoto\" title=\"Bollerwagen\" href=\"https:\/\/fietsenverhuurschiermonnikoog.com\/wp-content\/uploads\/2022\/09\/bolder.png\"><i class=\"tm-brivona-icon-search\"><\/i><\/a><\/div>\t\r\n\t\t\t\t<\/div>\t\t\t\r\n\t\t\t<\/div>\r\n\t\t<\/div>\r\n\t\t\r\n\t\t<div class=\"themetechmount-box-bottom-content\">\r\n\t\t\t<div class=\"themetechmount-box-title\"><h4>Bollerwagen<\/h4><\/div>            <div class=\"themetechmount-box-category\"><p>Bollerwagen<\/p>\n<\/div>\r\n\t\t<\/div>\r\n\t<\/div>\r\n<\/article><\/div><div class=\"tm-box-col-wrapper col-lg-4 col-sm-6 col-md-4 col-xs-12 kinderfahrrader tandems\"><article class=\"themetechmount-box themetechmount-box-portfolio themetechmount-box-view-top-image themetechmount-portfolio-box-view-top-image \">\r\n\t<div class=\"themetechmount-post-item\">\t\r\n\t\t<div class=\"themetechmount-post-item-inner\">\r\n\t\t\t<div class=\"tm-featured-wrapper tm-tm_portfolio-featured-wrapper\"><a href=\"https:\/\/fietsenverhuurschiermonnikoog.com\/de\/portfolio\/kindertandem-doppelt\/\"><img loading=\"lazy\" decoding=\"async\" width=\"800\" height=\"576\" src=\"https:\/\/fietsenverhuurschiermonnikoog.com\/wp-content\/uploads\/2022\/09\/kdtandem-800x576.png\" class=\"attachment-themetechmount-img-portfolio size-themetechmount-img-portfolio wp-post-image\" alt=\"\" data-id=\"4168\" \/><\/a><\/div>\t\t\t<div class=\"themetechmount-box-content themetechmount-overlay\">\r\n\t\t\t\t<div class=\"themetechmount-box-content-inner\">\r\n\t\t\t\t\t<div class=\"themetechmount-icon-box themetechmount-media-link\"><a class=\"tm_prettyphoto\" title=\"Kindertandem doppelt\" href=\"https:\/\/fietsenverhuurschiermonnikoog.com\/wp-content\/uploads\/2022\/09\/kdtandem.png\"><i class=\"tm-brivona-icon-search\"><\/i><\/a><\/div>\t\r\n\t\t\t\t<\/div>\t\t\t\r\n\t\t\t<\/div>\r\n\t\t<\/div>\r\n\t\t\r\n\t\t<div class=\"themetechmount-box-bottom-content\">\r\n\t\t\t<div class=\"themetechmount-box-title\"><h4>Kindertandem doppelt<\/h4><\/div>            <div class=\"themetechmount-box-category\"><p>Das Kindertandem doppelt eignet sich f\u00fcr einen Elternteil (zwischen 160 und 185 cm) und ein Kind zwischen 110 und 145 cm (4 bis 7 Jahre)<\/p>\n<\/div>\r\n\t\t<\/div>\r\n\t<\/div>\r\n<\/article><\/div><div class=\"tm-box-col-wrapper col-lg-4 col-sm-6 col-md-4 col-xs-12 damenfahrrader elektrofahrrader herrenfahrrader\"><article class=\"themetechmount-box themetechmount-box-portfolio themetechmount-box-view-top-image themetechmount-portfolio-box-view-top-image \">\r\n\t<div class=\"themetechmount-post-item\">\t\r\n\t\t<div class=\"themetechmount-post-item-inner\">\r\n\t\t\t<div class=\"tm-featured-wrapper tm-tm_portfolio-featured-wrapper\"><a href=\"https:\/\/fietsenverhuurschiermonnikoog.com\/de\/portfolio\/elektrofahrrad-mit-kupplung\/\"><img loading=\"lazy\" decoding=\"async\" width=\"800\" height=\"516\" src=\"https:\/\/fietsenverhuurschiermonnikoog.com\/wp-content\/uploads\/2022\/09\/elektrisch.jpg\" class=\"attachment-themetechmount-img-portfolio size-themetechmount-img-portfolio wp-post-image\" alt=\"\" srcset=\"https:\/\/fietsenverhuurschiermonnikoog.com\/wp-content\/uploads\/2022\/09\/elektrisch.jpg 800w, https:\/\/fietsenverhuurschiermonnikoog.com\/wp-content\/uploads\/2022\/09\/elektrisch-300x194.jpg 300w, https:\/\/fietsenverhuurschiermonnikoog.com\/wp-content\/uploads\/2022\/09\/elektrisch-768x495.jpg 768w\" sizes=\"auto, (max-width: 800px) 100vw, 800px\" data-id=\"4130\" \/><\/a><\/div>\t\t\t<div class=\"themetechmount-box-content themetechmount-overlay\">\r\n\t\t\t\t<div class=\"themetechmount-box-content-inner\">\r\n\t\t\t\t\t<div class=\"themetechmount-icon-box themetechmount-media-link\"><a class=\"tm_prettyphoto\" title=\"Elektrofahrrad mit Kupplung\" href=\"https:\/\/fietsenverhuurschiermonnikoog.com\/wp-content\/uploads\/2022\/09\/elektrisch.jpg\"><i class=\"tm-brivona-icon-search\"><\/i><\/a><\/div>\t\r\n\t\t\t\t<\/div>\t\t\t\r\n\t\t\t<\/div>\r\n\t\t<\/div>\r\n\t\t\r\n\t\t<div class=\"themetechmount-box-bottom-content\">\r\n\t\t\t<div class=\"themetechmount-box-title\"><h4>Elektrofahrrad mit Kupplung<\/h4><\/div>            <div class=\"themetechmount-box-category\"><p>Das Elektrofahrrad mit Kupplung kann nicht separat nur in Kombination mit einem Hundewagen oder einem Kinderwagen gemietet werden.<\/p>\n<\/div>\r\n\t\t<\/div>\r\n\t<\/div>\r\n<\/article><\/div><div class=\"tm-box-col-wrapper col-lg-4 col-sm-6 col-md-4 col-xs-12 kinderfahrrader tandems\"><article class=\"themetechmount-box themetechmount-box-portfolio themetechmount-box-view-top-image themetechmount-portfolio-box-view-top-image \">\r\n\t<div class=\"themetechmount-post-item\">\t\r\n\t\t<div class=\"themetechmount-post-item-inner\">\r\n\t\t\t<div class=\"tm-featured-wrapper tm-tm_portfolio-featured-wrapper\"><a href=\"https:\/\/fietsenverhuurschiermonnikoog.com\/de\/portfolio\/kindertandem\/\"><img loading=\"lazy\" decoding=\"async\" width=\"576\" height=\"427\" src=\"https:\/\/fietsenverhuurschiermonnikoog.com\/wp-content\/uploads\/2022\/09\/Kindertandem.jpg\" class=\"attachment-themetechmount-img-portfolio size-themetechmount-img-portfolio wp-post-image\" alt=\"\" srcset=\"https:\/\/fietsenverhuurschiermonnikoog.com\/wp-content\/uploads\/2022\/09\/Kindertandem.jpg 576w, https:\/\/fietsenverhuurschiermonnikoog.com\/wp-content\/uploads\/2022\/09\/Kindertandem-300x222.jpg 300w\" sizes=\"auto, (max-width: 576px) 100vw, 576px\" data-id=\"4170\" \/><\/a><\/div>\t\t\t<div class=\"themetechmount-box-content themetechmount-overlay\">\r\n\t\t\t\t<div class=\"themetechmount-box-content-inner\">\r\n\t\t\t\t\t<div class=\"themetechmount-icon-box themetechmount-media-link\"><a class=\"tm_prettyphoto\" title=\"Kindertandem\" href=\"https:\/\/fietsenverhuurschiermonnikoog.com\/wp-content\/uploads\/2022\/09\/Kindertandem.jpg\"><i class=\"tm-brivona-icon-search\"><\/i><\/a><\/div>\t\r\n\t\t\t\t<\/div>\t\t\t\r\n\t\t\t<\/div>\r\n\t\t<\/div>\r\n\t\t\r\n\t\t<div class=\"themetechmount-box-bottom-content\">\r\n\t\t\t<div class=\"themetechmount-box-title\"><h4>Kindertandem<\/h4><\/div>            <div class=\"themetechmount-box-category\"><p>Das Kindertandem eignet sich f\u00fcr einen Elternteil (zwischen 160 und 185 cm) und ein Kind zwischen 110 und 145 cm (4 bis 7 Jahre)<\/p>\n<\/div>\r\n\t\t<\/div>\r\n\t<\/div>\r\n<\/article><\/div><div class=\"tm-box-col-wrapper col-lg-4 col-sm-6 col-md-4 col-xs-12 karren-de zubehoer-de\"><article class=\"themetechmount-box themetechmount-box-portfolio themetechmount-box-view-top-image themetechmount-portfolio-box-view-top-image \">\r\n\t<div class=\"themetechmount-post-item\">\t\r\n\t\t<div class=\"themetechmount-post-item-inner\">\r\n\t\t\t<div class=\"tm-featured-wrapper tm-tm_portfolio-featured-wrapper\"><a href=\"https:\/\/fietsenverhuurschiermonnikoog.com\/de\/portfolio\/hundewagen-stoff\/\"><img loading=\"lazy\" decoding=\"async\" width=\"800\" height=\"576\" src=\"https:\/\/fietsenverhuurschiermonnikoog.com\/wp-content\/uploads\/2022\/09\/hondk-800x576.png\" class=\"attachment-themetechmount-img-portfolio size-themetechmount-img-portfolio wp-post-image\" alt=\"\" data-id=\"4172\" \/><\/a><\/div>\t\t\t<div class=\"themetechmount-box-content themetechmount-overlay\">\r\n\t\t\t\t<div class=\"themetechmount-box-content-inner\">\r\n\t\t\t\t\t<div class=\"themetechmount-icon-box themetechmount-media-link\"><a class=\"tm_prettyphoto\" title=\"Hundewagen Stoff\" href=\"https:\/\/fietsenverhuurschiermonnikoog.com\/wp-content\/uploads\/2022\/09\/hondk.png\"><i class=\"tm-brivona-icon-search\"><\/i><\/a><\/div>\t\r\n\t\t\t\t<\/div>\t\t\t\r\n\t\t\t<\/div>\r\n\t\t<\/div>\r\n\t\t\r\n\t\t<div class=\"themetechmount-box-bottom-content\">\r\n\t\t\t<div class=\"themetechmount-box-title\"><h4>Hundewagen Stoff<\/h4><\/div>            <div class=\"themetechmount-box-category\"><p>Der Hundewagenstoff kann nur in Kombination mit einem Fahrrad mit Kupplung oder einem Elektrofahrrad mit Kupplung reserviert werden. <\/p>\n<\/div>\r\n\t\t<\/div>\r\n\t<\/div>\r\n<\/article><\/div><div class=\"tm-box-col-wrapper col-lg-4 col-sm-6 col-md-4 col-xs-12 karren-de zubehoer-de\"><article class=\"themetechmount-box themetechmount-box-portfolio themetechmount-box-view-top-image themetechmount-portfolio-box-view-top-image \">\r\n\t<div class=\"themetechmount-post-item\">\t\r\n\t\t<div class=\"themetechmount-post-item-inner\">\r\n\t\t\t<div class=\"tm-featured-wrapper tm-tm_portfolio-featured-wrapper\"><a href=\"https:\/\/fietsenverhuurschiermonnikoog.com\/de\/portfolio\/kidcar\/\"><img loading=\"lazy\" decoding=\"async\" width=\"800\" height=\"576\" src=\"https:\/\/fietsenverhuurschiermonnikoog.com\/wp-content\/uploads\/2022\/09\/kc-800x576.png\" class=\"attachment-themetechmount-img-portfolio size-themetechmount-img-portfolio wp-post-image\" alt=\"\" data-id=\"4174\" \/><\/a><\/div>\t\t\t<div class=\"themetechmount-box-content themetechmount-overlay\">\r\n\t\t\t\t<div class=\"themetechmount-box-content-inner\">\r\n\t\t\t\t\t<div class=\"themetechmount-icon-box themetechmount-media-link\"><a class=\"tm_prettyphoto\" title=\"Kidcar\" href=\"https:\/\/fietsenverhuurschiermonnikoog.com\/wp-content\/uploads\/2022\/09\/kc.png\"><i class=\"tm-brivona-icon-search\"><\/i><\/a><\/div>\t\r\n\t\t\t\t<\/div>\t\t\t\r\n\t\t\t<\/div>\r\n\t\t<\/div>\r\n\t\t\r\n\t\t<div class=\"themetechmount-box-bottom-content\">\r\n\t\t\t<div class=\"themetechmount-box-title\"><h4>Kidcar<\/h4><\/div>            <div class=\"themetechmount-box-category\"><p>Ein Kidcar kann nur in Kombination mit einem Fahrrad mit Kupplung oder einem Elektrofahrrad mit Kupplung reserviert werden.<\/p>\n<\/div>\r\n\t\t<\/div>\r\n\t<\/div>\r\n<\/article><\/div><div class=\"tm-box-col-wrapper col-lg-4 col-sm-6 col-md-4 col-xs-12 damenfahrrader herrenfahrrader\"><article class=\"themetechmount-box themetechmount-box-portfolio themetechmount-box-view-top-image themetechmount-portfolio-box-view-top-image \">\r\n\t<div class=\"themetechmount-post-item\">\t\r\n\t\t<div class=\"themetechmount-post-item-inner\">\r\n\t\t\t<div class=\"tm-featured-wrapper tm-tm_portfolio-featured-wrapper\"><a href=\"https:\/\/fietsenverhuurschiermonnikoog.com\/de\/portfolio\/fahrrad-mit-kupplung\/\"><img loading=\"lazy\" decoding=\"async\" width=\"800\" height=\"576\" src=\"https:\/\/fietsenverhuurschiermonnikoog.com\/wp-content\/uploads\/2022\/09\/fk-800x576.png\" class=\"attachment-themetechmount-img-portfolio size-themetechmount-img-portfolio wp-post-image\" alt=\"\" data-id=\"4176\" \/><\/a><\/div>\t\t\t<div class=\"themetechmount-box-content themetechmount-overlay\">\r\n\t\t\t\t<div class=\"themetechmount-box-content-inner\">\r\n\t\t\t\t\t<div class=\"themetechmount-icon-box themetechmount-media-link\"><a class=\"tm_prettyphoto\" title=\"Fahrrad mit Kupplung\" href=\"https:\/\/fietsenverhuurschiermonnikoog.com\/wp-content\/uploads\/2022\/09\/fk.png\"><i class=\"tm-brivona-icon-search\"><\/i><\/a><\/div>\t\r\n\t\t\t\t<\/div>\t\t\t\r\n\t\t\t<\/div>\r\n\t\t<\/div>\r\n\t\t\r\n\t\t<div class=\"themetechmount-box-bottom-content\">\r\n\t\t\t<div class=\"themetechmount-box-title\"><h4>Fahrrad mit Kupplung<\/h4><\/div>            <div class=\"themetechmount-box-category\"><p>Das Fahrrad mit Kupplung kann nicht separat nur in Kombination mit einem Hundewagen oder einem Kidcar gemietet werden.<\/p>\n<\/div>\r\n\t\t<\/div>\r\n\t<\/div>\r\n<\/article><\/div><div class=\"tm-box-col-wrapper col-lg-4 col-sm-6 col-md-4 col-xs-12 mountainbikes-de\"><article class=\"themetechmount-box themetechmount-box-portfolio themetechmount-box-view-top-image themetechmount-portfolio-box-view-top-image \">\r\n\t<div class=\"themetechmount-post-item\">\t\r\n\t\t<div class=\"themetechmount-post-item-inner\">\r\n\t\t\t<div class=\"tm-featured-wrapper tm-tm_portfolio-featured-wrapper\"><a href=\"https:\/\/fietsenverhuurschiermonnikoog.com\/de\/portfolio\/mountainbike-erwachsene\/\"><img loading=\"lazy\" decoding=\"async\" width=\"800\" height=\"576\" src=\"https:\/\/fietsenverhuurschiermonnikoog.com\/wp-content\/uploads\/2022\/09\/mbv-1-800x576.png\" class=\"attachment-themetechmount-img-portfolio size-themetechmount-img-portfolio wp-post-image\" alt=\"\" data-id=\"4180\" \/><\/a><\/div>\t\t\t<div class=\"themetechmount-box-content themetechmount-overlay\">\r\n\t\t\t\t<div class=\"themetechmount-box-content-inner\">\r\n\t\t\t\t\t<div class=\"themetechmount-icon-box themetechmount-media-link\"><a class=\"tm_prettyphoto\" title=\"Mountainbike (Erwachsene)\" href=\"https:\/\/fietsenverhuurschiermonnikoog.com\/wp-content\/uploads\/2022\/09\/mbv-1.png\"><i class=\"tm-brivona-icon-search\"><\/i><\/a><\/div>\t\r\n\t\t\t\t<\/div>\t\t\t\r\n\t\t\t<\/div>\r\n\t\t<\/div>\r\n\t\t\r\n\t\t<div class=\"themetechmount-box-bottom-content\">\r\n\t\t\t<div class=\"themetechmount-box-title\"><h4>Mountainbike (Erwachsene)<\/h4><\/div>            <div class=\"themetechmount-box-category\"><p>Das Mountainbike f\u00fcr Erwachsene ist in den Gr\u00f6\u00dfen S, M, L und XL erh\u00e4ltlich<\/p>\n<\/div>\r\n\t\t<\/div>\r\n\t<\/div>\r\n<\/article><\/div><div class=\"tm-box-col-wrapper col-lg-4 col-sm-6 col-md-4 col-xs-12 behindertenfahrrader\"><article class=\"themetechmount-box themetechmount-box-portfolio themetechmount-box-view-top-image themetechmount-portfolio-box-view-top-image \">\r\n\t<div class=\"themetechmount-post-item\">\t\r\n\t\t<div class=\"themetechmount-post-item-inner\">\r\n\t\t\t<div class=\"tm-featured-wrapper tm-tm_portfolio-featured-wrapper\"><a href=\"https:\/\/fietsenverhuurschiermonnikoog.com\/de\/portfolio\/fahrrad-mit-gangschaltung-und-niedrigem-einstieg\/\"><img loading=\"lazy\" decoding=\"async\" width=\"800\" height=\"576\" src=\"https:\/\/fietsenverhuurschiermonnikoog.com\/wp-content\/uploads\/2022\/09\/rnlinst-800x576.png\" class=\"attachment-themetechmount-img-portfolio size-themetechmount-img-portfolio wp-post-image\" alt=\"\" data-id=\"4182\" \/><\/a><\/div>\t\t\t<div class=\"themetechmount-box-content themetechmount-overlay\">\r\n\t\t\t\t<div class=\"themetechmount-box-content-inner\">\r\n\t\t\t\t\t<div class=\"themetechmount-icon-box themetechmount-media-link\"><a class=\"tm_prettyphoto\" title=\"Fahrrad mit Gangschaltung und niedrigem Einstieg\" href=\"https:\/\/fietsenverhuurschiermonnikoog.com\/wp-content\/uploads\/2022\/09\/rnlinst.png\"><i class=\"tm-brivona-icon-search\"><\/i><\/a><\/div>\t\r\n\t\t\t\t<\/div>\t\t\t\r\n\t\t\t<\/div>\r\n\t\t<\/div>\r\n\t\t\r\n\t\t<div class=\"themetechmount-box-bottom-content\">\r\n\t\t\t<div class=\"themetechmount-box-title\"><h4>Fahrrad mit Gangschaltung und niedrigem Einstieg<\/h4><\/div>            <div class=\"themetechmount-box-category\"><p>Fahrrad mit Gangschaltung und niedrigem Einstieg<\/p>\n<\/div>\r\n\t\t<\/div>\r\n\t<\/div>\r\n<\/article><\/div><div class=\"tm-box-col-wrapper col-lg-4 col-sm-6 col-md-4 col-xs-12 behindertenfahrrader\"><article class=\"themetechmount-box themetechmount-box-portfolio themetechmount-box-view-top-image themetechmount-portfolio-box-view-top-image \">\r\n\t<div class=\"themetechmount-post-item\">\t\r\n\t\t<div class=\"themetechmount-post-item-inner\">\r\n\t\t\t<div class=\"tm-featured-wrapper tm-tm_portfolio-featured-wrapper\"><a href=\"https:\/\/fietsenverhuurschiermonnikoog.com\/de\/portfolio\/elektrisches-fahrrad-mit-niedrigem-einstieg\/\"><img loading=\"lazy\" decoding=\"async\" width=\"800\" height=\"576\" src=\"https:\/\/fietsenverhuurschiermonnikoog.com\/wp-content\/uploads\/2022\/09\/eleli-800x576.png\" class=\"attachment-themetechmount-img-portfolio size-themetechmount-img-portfolio wp-post-image\" alt=\"\" data-id=\"4184\" \/><\/a><\/div>\t\t\t<div class=\"themetechmount-box-content themetechmount-overlay\">\r\n\t\t\t\t<div class=\"themetechmount-box-content-inner\">\r\n\t\t\t\t\t<div class=\"themetechmount-icon-box themetechmount-media-link\"><a class=\"tm_prettyphoto\" title=\"Elektrisches Fahrrad mit niedrigem Einstieg\" href=\"https:\/\/fietsenverhuurschiermonnikoog.com\/wp-content\/uploads\/2022\/09\/eleli.png\"><i class=\"tm-brivona-icon-search\"><\/i><\/a><\/div>\t\r\n\t\t\t\t<\/div>\t\t\t\r\n\t\t\t<\/div>\r\n\t\t<\/div>\r\n\t\t\r\n\t\t<div class=\"themetechmount-box-bottom-content\">\r\n\t\t\t<div class=\"themetechmount-box-title\"><h4>Elektrisches Fahrrad mit niedrigem Einstieg<\/h4><\/div>            <div class=\"themetechmount-box-category\"><p>Elektrisches Fahrrad mit niedrigem Einstieg<\/p>\n<\/div>\r\n\t\t<\/div>\r\n\t<\/div>\r\n<\/article><\/div><div class=\"tm-box-col-wrapper col-lg-4 col-sm-6 col-md-4 col-xs-12 behindertenfahrrader\"><article class=\"themetechmount-box themetechmount-box-portfolio themetechmount-box-view-top-image themetechmount-portfolio-box-view-top-image \">\r\n\t<div class=\"themetechmount-post-item\">\t\r\n\t\t<div class=\"themetechmount-post-item-inner\">\r\n\t\t\t<div class=\"tm-featured-wrapper tm-tm_portfolio-featured-wrapper\"><a href=\"https:\/\/fietsenverhuurschiermonnikoog.com\/de\/portfolio\/dreirad-mit-gangschaltung\/\"><img loading=\"lazy\" decoding=\"async\" width=\"800\" height=\"576\" src=\"https:\/\/fietsenverhuurschiermonnikoog.com\/wp-content\/uploads\/2022\/09\/drie-800x576.png\" class=\"attachment-themetechmount-img-portfolio size-themetechmount-img-portfolio wp-post-image\" alt=\"\" data-id=\"4186\" \/><\/a><\/div>\t\t\t<div class=\"themetechmount-box-content themetechmount-overlay\">\r\n\t\t\t\t<div class=\"themetechmount-box-content-inner\">\r\n\t\t\t\t\t<div class=\"themetechmount-icon-box themetechmount-media-link\"><a class=\"tm_prettyphoto\" title=\"Dreirad mit Gangschaltung\" href=\"https:\/\/fietsenverhuurschiermonnikoog.com\/wp-content\/uploads\/2022\/09\/drie.png\"><i class=\"tm-brivona-icon-search\"><\/i><\/a><\/div>\t\r\n\t\t\t\t<\/div>\t\t\t\r\n\t\t\t<\/div>\r\n\t\t<\/div>\r\n\t\t\r\n\t\t<div class=\"themetechmount-box-bottom-content\">\r\n\t\t\t<div class=\"themetechmount-box-title\"><h4>Dreirad mit Gangschaltung<\/h4><\/div>            <div class=\"themetechmount-box-category\"><p>Dreirad mit Gangschaltung<\/p>\n<\/div>\r\n\t\t<\/div>\r\n\t<\/div>\r\n<\/article><\/div><div class=\"tm-box-col-wrapper col-lg-4 col-sm-6 col-md-4 col-xs-12 behindertenfahrrader\"><article class=\"themetechmount-box themetechmount-box-portfolio themetechmount-box-view-top-image themetechmount-portfolio-box-view-top-image \">\r\n\t<div class=\"themetechmount-post-item\">\t\r\n\t\t<div class=\"themetechmount-post-item-inner\">\r\n\t\t\t<div class=\"tm-featured-wrapper tm-tm_portfolio-featured-wrapper\"><a href=\"https:\/\/fietsenverhuurschiermonnikoog.com\/de\/portfolio\/elektrisches-dreirad\/\"><img loading=\"lazy\" decoding=\"async\" width=\"800\" height=\"576\" src=\"https:\/\/fietsenverhuurschiermonnikoog.com\/wp-content\/uploads\/2022\/09\/drieele-800x576.png\" class=\"attachment-themetechmount-img-portfolio size-themetechmount-img-portfolio wp-post-image\" alt=\"\" data-id=\"4188\" \/><\/a><\/div>\t\t\t<div class=\"themetechmount-box-content themetechmount-overlay\">\r\n\t\t\t\t<div class=\"themetechmount-box-content-inner\">\r\n\t\t\t\t\t<div class=\"themetechmount-icon-box themetechmount-media-link\"><a class=\"tm_prettyphoto\" title=\"Elektrisches Dreirad\" href=\"https:\/\/fietsenverhuurschiermonnikoog.com\/wp-content\/uploads\/2022\/09\/drieele.png\"><i class=\"tm-brivona-icon-search\"><\/i><\/a><\/div>\t\r\n\t\t\t\t<\/div>\t\t\t\r\n\t\t\t<\/div>\r\n\t\t<\/div>\r\n\t\t\r\n\t\t<div class=\"themetechmount-box-bottom-content\">\r\n\t\t\t<div class=\"themetechmount-box-title\"><h4>Elektrisches Dreirad<\/h4><\/div>            <div class=\"themetechmount-box-category\"><p>Elektrisches Dreirad<\/p>\n<\/div>\r\n\t\t<\/div>\r\n\t<\/div>\r\n<\/article><\/div><div class=\"tm-box-col-wrapper col-lg-4 col-sm-6 col-md-4 col-xs-12 behindertenfahrrader\"><article class=\"themetechmount-box themetechmount-box-portfolio themetechmount-box-view-top-image themetechmount-portfolio-box-view-top-image \">\r\n\t<div class=\"themetechmount-post-item\">\t\r\n\t\t<div class=\"themetechmount-post-item-inner\">\r\n\t\t\t<div class=\"tm-featured-wrapper tm-tm_portfolio-featured-wrapper\"><a href=\"https:\/\/fietsenverhuurschiermonnikoog.com\/de\/portfolio\/duo-fahrrad\/\"><img loading=\"lazy\" decoding=\"async\" width=\"800\" height=\"576\" src=\"https:\/\/fietsenverhuurschiermonnikoog.com\/wp-content\/uploads\/2022\/09\/duo-800x576.png\" class=\"attachment-themetechmount-img-portfolio size-themetechmount-img-portfolio wp-post-image\" alt=\"\" data-id=\"4190\" \/><\/a><\/div>\t\t\t<div class=\"themetechmount-box-content themetechmount-overlay\">\r\n\t\t\t\t<div class=\"themetechmount-box-content-inner\">\r\n\t\t\t\t\t<div class=\"themetechmount-icon-box themetechmount-media-link\"><a class=\"tm_prettyphoto\" title=\"Duo Fahrrad\" href=\"https:\/\/fietsenverhuurschiermonnikoog.com\/wp-content\/uploads\/2022\/09\/duo.png\"><i class=\"tm-brivona-icon-search\"><\/i><\/a><\/div>\t\r\n\t\t\t\t<\/div>\t\t\t\r\n\t\t\t<\/div>\r\n\t\t<\/div>\r\n\t\t\r\n\t\t<div class=\"themetechmount-box-bottom-content\">\r\n\t\t\t<div class=\"themetechmount-box-title\"><h4>Duo Fahrrad<\/h4><\/div>            <div class=\"themetechmount-box-category\"><p>Das Fun2Go ist ein elektrisches Duo-Bike, ein Dreirad-Tandem, bei dem die Benutzer nebeneinander sitzen. Eine Person lenkert, beide k\u00f6nnen in die Pedale treten.<\/p>\n<\/div>\r\n\t\t<\/div>\r\n\t<\/div>\r\n<\/article><\/div><div class=\"tm-box-col-wrapper col-lg-4 col-sm-6 col-md-4 col-xs-12 behindertenfahrrader\"><article class=\"themetechmount-box themetechmount-box-portfolio themetechmount-box-view-top-image themetechmount-portfolio-box-view-top-image \">\r\n\t<div class=\"themetechmount-post-item\">\t\r\n\t\t<div class=\"themetechmount-post-item-inner\">\r\n\t\t\t<div class=\"tm-featured-wrapper tm-tm_portfolio-featured-wrapper\"><a href=\"https:\/\/fietsenverhuurschiermonnikoog.com\/de\/portfolio\/scootmobiel\/\"><img loading=\"lazy\" decoding=\"async\" width=\"800\" height=\"576\" src=\"https:\/\/fietsenverhuurschiermonnikoog.com\/wp-content\/uploads\/2022\/09\/scoot-800x576.png\" class=\"attachment-themetechmount-img-portfolio size-themetechmount-img-portfolio wp-post-image\" alt=\"\" data-id=\"4192\" \/><\/a><\/div>\t\t\t<div class=\"themetechmount-box-content themetechmount-overlay\">\r\n\t\t\t\t<div class=\"themetechmount-box-content-inner\">\r\n\t\t\t\t\t<div class=\"themetechmount-icon-box themetechmount-media-link\"><a class=\"tm_prettyphoto\" title=\"Scootmobiel\" href=\"https:\/\/fietsenverhuurschiermonnikoog.com\/wp-content\/uploads\/2022\/09\/scoot.png\"><i class=\"tm-brivona-icon-search\"><\/i><\/a><\/div>\t\r\n\t\t\t\t<\/div>\t\t\t\r\n\t\t\t<\/div>\r\n\t\t<\/div>\r\n\t\t\r\n\t\t<div class=\"themetechmount-box-bottom-content\">\r\n\t\t\t<div class=\"themetechmount-box-title\"><h4>Scootmobiel<\/h4><\/div>            <div class=\"themetechmount-box-category\"><p>Scootmobiel<\/p>\n<\/div>\r\n\t\t<\/div>\r\n\t<\/div>\r\n<\/article><\/div><div class=\"tm-box-col-wrapper col-lg-4 col-sm-6 col-md-4 col-xs-12 behindertenfahrrader\"><article class=\"themetechmount-box themetechmount-box-portfolio themetechmount-box-view-top-image themetechmount-portfolio-box-view-top-image \">\r\n\t<div class=\"themetechmount-post-item\">\t\r\n\t\t<div class=\"themetechmount-post-item-inner\">\r\n\t\t\t<div class=\"tm-featured-wrapper tm-tm_portfolio-featured-wrapper\"><a href=\"https:\/\/fietsenverhuurschiermonnikoog.com\/de\/portfolio\/riksja\/\"><img loading=\"lazy\" decoding=\"async\" width=\"700\" height=\"450\" src=\"https:\/\/fietsenverhuurschiermonnikoog.com\/wp-content\/uploads\/2022\/09\/riksja.jpg\" class=\"attachment-themetechmount-img-portfolio size-themetechmount-img-portfolio wp-post-image\" alt=\"\" srcset=\"https:\/\/fietsenverhuurschiermonnikoog.com\/wp-content\/uploads\/2022\/09\/riksja.jpg 700w, https:\/\/fietsenverhuurschiermonnikoog.com\/wp-content\/uploads\/2022\/09\/riksja-300x193.jpg 300w\" sizes=\"auto, (max-width: 700px) 100vw, 700px\" data-id=\"4194\" \/><\/a><\/div>\t\t\t<div class=\"themetechmount-box-content themetechmount-overlay\">\r\n\t\t\t\t<div class=\"themetechmount-box-content-inner\">\r\n\t\t\t\t\t<div class=\"themetechmount-icon-box themetechmount-media-link\"><a class=\"tm_prettyphoto\" title=\"Riksja\" href=\"https:\/\/fietsenverhuurschiermonnikoog.com\/wp-content\/uploads\/2022\/09\/riksja.jpg\"><i class=\"tm-brivona-icon-search\"><\/i><\/a><\/div>\t\r\n\t\t\t\t<\/div>\t\t\t\r\n\t\t\t<\/div>\r\n\t\t<\/div>\r\n\t\t\r\n\t\t<div class=\"themetechmount-box-bottom-content\">\r\n\t\t\t<div class=\"themetechmount-box-title\"><h4>Riksja<\/h4><\/div>            <div class=\"themetechmount-box-category\"><p>Fahrer und Fahrer k\u00f6nnen miteinander sprechen und die Umgebung in Ruhe genie\u00dfen.<\/p>\n<\/div>\r\n\t\t<\/div>\r\n\t<\/div>\r\n<\/article><\/div><div class=\"tm-box-col-wrapper col-lg-4 col-sm-6 col-md-4 col-xs-12 specials-de\"><article class=\"themetechmount-box themetechmount-box-portfolio themetechmount-box-view-top-image themetechmount-portfolio-box-view-top-image \">\r\n\t<div class=\"themetechmount-post-item\">\t\r\n\t\t<div class=\"themetechmount-post-item-inner\">\r\n\t\t\t<div class=\"tm-featured-wrapper tm-tm_portfolio-featured-wrapper\"><a href=\"https:\/\/fietsenverhuurschiermonnikoog.com\/de\/portfolio\/fatbike\/\"><img loading=\"lazy\" decoding=\"async\" width=\"800\" height=\"576\" src=\"https:\/\/fietsenverhuurschiermonnikoog.com\/wp-content\/uploads\/2022\/09\/fatb-800x576.png\" class=\"attachment-themetechmount-img-portfolio size-themetechmount-img-portfolio wp-post-image\" alt=\"\" data-id=\"4196\" \/><\/a><\/div>\t\t\t<div class=\"themetechmount-box-content themetechmount-overlay\">\r\n\t\t\t\t<div class=\"themetechmount-box-content-inner\">\r\n\t\t\t\t\t<div class=\"themetechmount-icon-box themetechmount-media-link\"><a class=\"tm_prettyphoto\" title=\"Fatbike\" href=\"https:\/\/fietsenverhuurschiermonnikoog.com\/wp-content\/uploads\/2022\/09\/fatb.png\"><i class=\"tm-brivona-icon-search\"><\/i><\/a><\/div>\t\r\n\t\t\t\t<\/div>\t\t\t\r\n\t\t\t<\/div>\r\n\t\t<\/div>\r\n\t\t\r\n\t\t<div class=\"themetechmount-box-bottom-content\">\r\n\t\t\t<div class=\"themetechmount-box-title\"><h4>Fatbike<\/h4><\/div>            <div class=\"themetechmount-box-category\"><p>Das Fatbike hat extra breite Reifen, dieses Fahrrad ist am Strand erlaubt. Das Fatbike kann f\u00fcr maximal 1 Tag gemietet werden. <\/p>\n<\/div>\r\n\t\t<\/div>\r\n\t<\/div>\r\n<\/article><\/div><div class=\"tm-box-col-wrapper col-lg-4 col-sm-6 col-md-4 col-xs-12 specials-de\"><article class=\"themetechmount-box themetechmount-box-portfolio themetechmount-box-view-top-image themetechmount-portfolio-box-view-top-image \">\r\n\t<div class=\"themetechmount-post-item\">\t\r\n\t\t<div class=\"themetechmount-post-item-inner\">\r\n\t\t\t<div class=\"tm-featured-wrapper tm-tm_portfolio-featured-wrapper\"><a href=\"https:\/\/fietsenverhuurschiermonnikoog.com\/de\/portfolio\/chopperbike\/\"><img loading=\"lazy\" decoding=\"async\" width=\"800\" height=\"576\" src=\"https:\/\/fietsenverhuurschiermonnikoog.com\/wp-content\/uploads\/2022\/09\/chopper-800x576.png\" class=\"attachment-themetechmount-img-portfolio size-themetechmount-img-portfolio wp-post-image\" alt=\"\" data-id=\"4198\" \/><\/a><\/div>\t\t\t<div class=\"themetechmount-box-content themetechmount-overlay\">\r\n\t\t\t\t<div class=\"themetechmount-box-content-inner\">\r\n\t\t\t\t\t<div class=\"themetechmount-icon-box themetechmount-media-link\"><a class=\"tm_prettyphoto\" title=\"Chopperbike\" href=\"https:\/\/fietsenverhuurschiermonnikoog.com\/wp-content\/uploads\/2022\/09\/chopper.png\"><i class=\"tm-brivona-icon-search\"><\/i><\/a><\/div>\t\r\n\t\t\t\t<\/div>\t\t\t\r\n\t\t\t<\/div>\r\n\t\t<\/div>\r\n\t\t\r\n\t\t<div class=\"themetechmount-box-bottom-content\">\r\n\t\t\t<div class=\"themetechmount-box-title\"><h4>Chopperbike<\/h4><\/div>            <div class=\"themetechmount-box-category\"><p>Chopperbike<\/p>\n<\/div>\r\n\t\t<\/div>\r\n\t<\/div>\r\n<\/article><\/div>\r\n\t\t\t<\/div>\r\n\t\t<\/div><!-- .themetechmount-boxes-inner -->   <\/div><!-- .themetechmount-boxes -->  [\/vc_column][\/vc_row]<\/p>\n","protected":false},"excerpt":{"rendered":"<p>[vc_row][vc_column][\/vc_column][\/vc_row]<\/p>\n","protected":false},"author":1,"featured_media":0,"parent":4487,"menu_order":29,"comment_status":"closed","ping_status":"closed","template":"","meta":{"footnotes":""},"class_list":["post-4497","page","type-page","status-publish","hentry"],"_links":{"self":[{"href":"https:\/\/fietsenverhuurschiermonnikoog.com\/de\/wp-json\/wp\/v2\/pages\/4497","targetHints":{"allow":["GET"]}}],"collection":[{"href":"https:\/\/fietsenverhuurschiermonnikoog.com\/de\/wp-json\/wp\/v2\/pages"}],"about":[{"href":"https:\/\/fietsenverhuurschiermonnikoog.com\/de\/wp-json\/wp\/v2\/types\/page"}],"author":[{"embeddable":true,"href":"https:\/\/fietsenverhuurschiermonnikoog.com\/de\/wp-json\/wp\/v2\/users\/1"}],"replies":[{"embeddable":true,"href":"https:\/\/fietsenverhuurschiermonnikoog.com\/de\/wp-json\/wp\/v2\/comments?post=4497"}],"version-history":[{"count":0,"href":"https:\/\/fietsenverhuurschiermonnikoog.com\/de\/wp-json\/wp\/v2\/pages\/4497\/revisions"}],"up":[{"embeddable":true,"href":"https:\/\/fietsenverhuurschiermonnikoog.com\/de\/wp-json\/wp\/v2\/pages\/4487"}],"wp:attachment":[{"href":"https:\/\/fietsenverhuurschiermonnikoog.com\/de\/wp-json\/wp\/v2\/media?parent=4497"}],"curies":[{"name":"wp","href":"https:\/\/api.w.org\/{rel}","templated":true}]}}